{"id":63,"date":"2022-04-18T10:45:39","date_gmt":"2022-04-18T10:45:39","guid":{"rendered":"https:\/\/cmcradio.fr\/?page_id=63"},"modified":"2024-09-17T07:13:00","modified_gmt":"2024-09-17T07:13:00","slug":"actualites","status":"publish","type":"page","link":"https:\/\/cmcradio.fr\/en\/actualites\/","title":{"rendered":"News"},"content":{"rendered":"<style>.elementor-63 .elementor-element.elementor-element-78ce608 > .elementor-container{min-height:259px;}.elementor-63 .elementor-element.elementor-element-78ce608 > .elementor-container > .elementor-column > .elementor-widget-wrap{align-content:center;align-items:center;}.elementor-63 .elementor-element.elementor-element-78ce608:not(.elementor-motion-effects-element-type-background), .elementor-63 .elementor-element.elementor-element-78ce608 > .elementor-motion-effects-container > .elementor-motion-effects-layer{background-position:center center;background-repeat:no-repeat;background-size:cover;}.elementor-63 .elementor-element.elementor-element-78ce608 > .elementor-background-overlay{background-color:#EDEDED;opacity:0.4;transition:background 0.3s, border-radius 0.3s, opacity 0.3s;}.elementor-63 .elementor-element.elementor-element-78ce608{transition:all 400ms;}.elementor-63 .elementor-element.elementor-element-6aa3714{transition:all 400ms;}.elementor-63 .elementor-element.elementor-element-0a41183{text-align:center;margin:0px 0px calc(var(--kit-widget-spacing, 0px) + -10px) 0px;transition:all 400ms;}.elementor-63 .elementor-element.elementor-element-0a41183 .elementor-heading-title{font-family:var( --e-global-typography-b4d0be4-font-family ), Sans-serif;font-size:var( --e-global-typography-b4d0be4-font-size );font-weight:var( --e-global-typography-b4d0be4-font-weight );text-transform:var( --e-global-typography-b4d0be4-text-transform );line-height:var( --e-global-typography-b4d0be4-line-height );letter-spacing:var( --e-global-typography-b4d0be4-letter-spacing );word-spacing:var( --e-global-typography-b4d0be4-word-spacing );color:#000000;}.elementor-63 .elementor-element.elementor-element-2d77ac9 .jeg-elementor-kit.jkit-heading{text-align:center;}.elementor-63 .elementor-element.elementor-element-2d77ac9 .jeg-elementor-kit.jkit-heading .heading-title{font-family:var( --e-global-typography-7dd03b0-font-family ), Sans-serif;font-size:var( --e-global-typography-7dd03b0-font-size );font-weight:var( --e-global-typography-7dd03b0-font-weight );line-height:var( --e-global-typography-7dd03b0-line-height );letter-spacing:var( --e-global-typography-7dd03b0-letter-spacing );word-spacing:var( --e-global-typography-7dd03b0-word-spacing );color:#000000;}.elementor-63 .elementor-element.elementor-element-2d77ac9 .jeg-elementor-kit.jkit-heading .heading-section-title{margin:0px 0px 0px 0px;}.elementor-63 .elementor-element.elementor-element-2d77ac9 .jeg-elementor-kit.jkit-heading .heading-section-title .heading-title{padding:0px 0px 0px 0px;border-radius:0px 0px 0px 0px;}.elementor-63 .elementor-element.elementor-element-2d77ac9 .jeg-elementor-kit.jkit-heading .heading-title > span{color:var( --e-global-color-primary );font-family:var( --e-global-typography-7dd03b0-font-family ), Sans-serif;font-size:var( --e-global-typography-7dd03b0-font-size );font-weight:var( --e-global-typography-7dd03b0-font-weight );line-height:var( --e-global-typography-7dd03b0-line-height );letter-spacing:var( --e-global-typography-7dd03b0-letter-spacing );word-spacing:var( --e-global-typography-7dd03b0-word-spacing );padding:0px 10px 0px 10px;}.elementor-63 .elementor-element.elementor-element-2d77ac9{transition:all 400ms;}.elementor-63 .elementor-element.elementor-element-68c6c71{padding:60px 0px 0px 0px;transition:all 400ms;}.elementor-63 .elementor-element.elementor-element-a95f400{transition:all 400ms;}.elementor-63 .elementor-element.elementor-element-30354a6 .elementskit-blog-block-post > .row{align-items:flex-start;}.elementor-63 .elementor-element.elementor-element-30354a6 .post-meta-list{text-align:left;}.elementor-63 .elementor-element.elementor-element-30354a6 .elementskit-post-body .entry-title{text-align:left;}.elementor-63 .elementor-element.elementor-element-30354a6 .elementskit-entry-header .entry-title{text-align:left;}.elementor-63 .elementor-element.elementor-element-30354a6 .elementskit-post-footer{text-align:left;}.elementor-63 .elementor-element.elementor-element-30354a6 .elementskit-post-body > p{text-align:left;}.elementor-63 .elementor-element.elementor-element-30354a6{transition:all 400ms;}@media(max-width:1024px){.elementor-63 .elementor-element.elementor-element-78ce608 > .elementor-container{min-height:350px;}.elementor-63 .elementor-element.elementor-element-0a41183 .elementor-heading-title{font-size:var( --e-global-typography-b4d0be4-font-size );line-height:var( --e-global-typography-b4d0be4-line-height );letter-spacing:var( --e-global-typography-b4d0be4-letter-spacing );word-spacing:var( --e-global-typography-b4d0be4-word-spacing );}.elementor-63 .elementor-element.elementor-element-2d77ac9 .jeg-elementor-kit.jkit-heading .heading-title{font-size:var( --e-global-typography-7dd03b0-font-size );line-height:var( --e-global-typography-7dd03b0-line-height );letter-spacing:var( --e-global-typography-7dd03b0-letter-spacing );word-spacing:var( --e-global-typography-7dd03b0-word-spacing );}.elementor-63 .elementor-element.elementor-element-2d77ac9 .jeg-elementor-kit.jkit-heading .heading-title > span{font-size:var( --e-global-typography-7dd03b0-font-size );line-height:var( --e-global-typography-7dd03b0-line-height );letter-spacing:var( --e-global-typography-7dd03b0-letter-spacing );word-spacing:var( --e-global-typography-7dd03b0-word-spacing );}.elementor-63 .elementor-element.elementor-element-30354a6 .elementskit-blog-block-post, .elementor-63 .elementor-element.elementor-element-30354a6 .elementskit-post-image-card, .elementor-63 .elementor-element.elementor-element-30354a6 .elementskit-post-card{margin:0px 0px 30px 0px;}}@media(max-width:767px){.elementor-63 .elementor-element.elementor-element-78ce608 > .elementor-container{min-height:300px;}.elementor-63 .elementor-element.elementor-element-78ce608:not(.elementor-motion-effects-element-type-background), .elementor-63 .elementor-element.elementor-element-78ce608 > .elementor-motion-effects-container > .elementor-motion-effects-layer{background-position:80% 0px;}.elementor-63 .elementor-element.elementor-element-0a41183 .elementor-heading-title{font-size:var( --e-global-typography-b4d0be4-font-size );line-height:var( --e-global-typography-b4d0be4-line-height );letter-spacing:var( --e-global-typography-b4d0be4-letter-spacing );word-spacing:var( --e-global-typography-b4d0be4-word-spacing );}.elementor-63 .elementor-element.elementor-element-2d77ac9 .jeg-elementor-kit.jkit-heading{text-align:center;}.elementor-63 .elementor-element.elementor-element-2d77ac9 .jeg-elementor-kit.jkit-heading .heading-title{font-size:var( --e-global-typography-7dd03b0-font-size );line-height:var( --e-global-typography-7dd03b0-line-height );letter-spacing:var( --e-global-typography-7dd03b0-letter-spacing );word-spacing:var( --e-global-typography-7dd03b0-word-spacing );}.elementor-63 .elementor-element.elementor-element-2d77ac9 .jeg-elementor-kit.jkit-heading .heading-title > span{font-size:var( --e-global-typography-7dd03b0-font-size );line-height:var( --e-global-typography-7dd03b0-line-height );letter-spacing:var( --e-global-typography-7dd03b0-letter-spacing );word-spacing:var( --e-global-typography-7dd03b0-word-spacing );}.elementor-63 .elementor-element.elementor-element-30354a6 .elementskit-blog-block-post, .elementor-63 .elementor-element.elementor-element-30354a6 .elementskit-post-image-card, .elementor-63 .elementor-element.elementor-element-30354a6 .elementskit-post-card{margin:0px 0px 30px 0px;}}<\/style>\t\t<div data-elementor-type=\"wp-page\" data-elementor-id=\"63\" class=\"elementor elementor-63\" data-elementor-post-type=\"page\">\n\t\t\t\t\t\t<section class=\"elementor-section elementor-top-section elementor-element elementor-element-78ce608 elementor-section-height-min-height elementor-section-content-middle elementor-section-boxed elementor-section-height-default elementor-section-items-middle\" data-id=\"78ce608\" data-element_type=\"section\" data-e-type=\"section\" data-settings=\"{&quot;background_background&quot;:&quot;classic&quot;}\">\n\t\t\t\t\t\t\t<div class=\"elementor-background-overlay\"><\/div>\n\t\t\t\t\t\t\t<div class=\"elementor-container elementor-column-gap-default\">\n\t\t\t\t\t<div class=\"elementor-column elementor-col-100 elementor-top-column elementor-element elementor-element-6aa3714\" data-id=\"6aa3714\" data-element_type=\"column\" data-e-type=\"column\">\n\t\t\t<div class=\"elementor-widget-wrap elementor-element-populated\">\n\t\t\t\t\t\t<div class=\"elementor-element elementor-element-0a41183 de_scroll_animation_no elementor-invisible elementor-widget elementor-widget-heading\" data-id=\"0a41183\" data-element_type=\"widget\" data-e-type=\"widget\" data-settings=\"{&quot;_animation&quot;:&quot;fadeInUp&quot;}\" data-widget_type=\"heading.default\">\n\t\t\t\t\t<h2 class=\"elementor-heading-title elementor-size-default\">Actualit\u00e9s<\/h2>\t\t\t\t<\/div>\n\t\t\t\t<div class=\"elementor-element elementor-element-2d77ac9 de_scroll_animation_no elementor-widget elementor-widget-jkit_heading\" data-id=\"2d77ac9\" data-element_type=\"widget\" data-e-type=\"widget\" data-widget_type=\"jkit_heading.default\">\n\t\t\t\t\t<div  class=\"jeg-elementor-kit jkit-heading  align-center align-tablet- align-mobile-center jeg_module___69f2957ab6aa0\" ><div class=\"heading-section-title  display-inline-block\"><h2 class=\"heading-title\">Accueil<span class=\"style-color\"><span>&gt;<\/span><\/span>Actualit\u00e9s<\/h2><\/div><\/div>\t\t\t\t<\/div>\n\t\t\t\t\t<\/div>\n\t\t<\/div>\n\t\t\t\t\t<\/div>\n\t\t<\/section>\n\t\t\t\t<section class=\"elementor-section elementor-top-section elementor-element elementor-element-68c6c71 elementor-section-boxed elementor-section-height-default elementor-section-height-default\" data-id=\"68c6c71\" data-element_type=\"section\" data-e-type=\"section\">\n\t\t\t\t\t\t<div class=\"elementor-container elementor-column-gap-default\">\n\t\t\t\t\t<div class=\"elementor-column elementor-col-100 elementor-top-column elementor-element elementor-element-a95f400\" data-id=\"a95f400\" data-element_type=\"column\" data-e-type=\"column\">\n\t\t\t<div class=\"elementor-widget-wrap elementor-element-populated\">\n\t\t\t\t\t\t<div class=\"elementor-element elementor-element-30354a6 de_scroll_animation_no elementor-widget elementor-widget-elementskit-blog-posts\" data-id=\"30354a6\" data-element_type=\"widget\" data-e-type=\"widget\" data-widget_type=\"elementskit-blog-posts.default\">\n\t\t\t\t\t<div class=\"ekit-wid-con\" >        <div id=\"post-items--30354a6\" class=\"row post-items\">\n                    <div class=\"col-md-12\">\n\n                                    <div class=\"elementskit-blog-block-post\">\n                        <div class=\"row no-gutters\">\n                                                            <div class=\"col-md-6 order-1\">\n                                    <a href=\"https:\/\/cmcradio.fr\/en\/lavenir-de-la-medecine\/\" class=\"elementskit-entry-thumb\">\n                                        <img decoding=\"async\" src=\"https:\/\/cmcradio.fr\/wp-content\/uploads\/2026\/02\/Lavenir-de-la-medecine.png\" alt=\"L&rsquo;avenir de la M\u00e9decine\">\n                                    <\/a><!-- .elementskit-entry-thumb END -->\n                                <\/div>\n                            \n                            <div class=\"col-md-6 order-2\">\n                                <div class=\"elementskit-post-body \">\n                                    <div class=\"elementskit-entry-header\">\n                                        \n                                                                                            \t\t\t\t\t                                            \n                                            \n                                                                                            \t\t\t\t<h2 class=\"entry-title\">\n\t\t\t\t\t<a href=\"https:\/\/cmcradio.fr\/en\/lavenir-de-la-medecine\/\">\n\t\t\t\t\t\tL&rsquo;avenir de la M\u00e9decine\t\t\t\t\t<\/a>\n\t\t\t\t<\/h2>\n\t\t\t                                                                                <\/div><!-- .elementskit-entry-header END -->\n\n                                                                            <div class=\"elementskit-post-footer\">\n                                                                                            <p>&nbsp; &nbsp;<\/p>\n                                                                                                                                <\/div><!-- .elementskit-post-footer END -->\n                                                                    <\/div><!-- .elementskit-post-body END -->\n                            <\/div>\n                        <\/div>\n                    <\/div><!-- .elementskit-blog-block-post .radius .gradient-bg END -->\n                \n            <\/div>\n                    <div class=\"col-md-12\">\n\n                                    <div class=\"elementskit-blog-block-post\">\n                        <div class=\"row no-gutters\">\n                                                            <div class=\"col-md-6 order-1\">\n                                    <a href=\"https:\/\/cmcradio.fr\/en\/retour-sur-ledition-2025-des-journee-des-os-evian\/\" class=\"elementskit-entry-thumb\">\n                                        <img decoding=\"async\" src=\"https:\/\/cmcradio.fr\/wp-content\/uploads\/2026\/02\/Screenshot-2026-02-12-at-14.59.39.png\" alt=\"RETOUR SUR L&rsquo;\u00c9DITION 2025 DES JOURN\u00c9E DES OS \u00c9VIAN\">\n                                    <\/a><!-- .elementskit-entry-thumb END -->\n                                <\/div>\n                            \n                            <div class=\"col-md-6 order-2\">\n                                <div class=\"elementskit-post-body \">\n                                    <div class=\"elementskit-entry-header\">\n                                        \n                                                                                            \t\t\t\t\t                                            \n                                            \n                                                                                            \t\t\t\t<h2 class=\"entry-title\">\n\t\t\t\t\t<a href=\"https:\/\/cmcradio.fr\/en\/retour-sur-ledition-2025-des-journee-des-os-evian\/\">\n\t\t\t\t\t\tRETOUR SUR L&rsquo;\u00c9DITION 2025 DES JOURN\u00c9E DES OS \u00c9VIAN\t\t\t\t\t<\/a>\n\t\t\t\t<\/h2>\n\t\t\t                                                                                <\/div><!-- .elementskit-entry-header END -->\n\n                                                                            <div class=\"elementskit-post-footer\">\n                                                                                            <p>\u00a0 \u00a0<\/p>\n                                                                                                                                <\/div><!-- .elementskit-post-footer END -->\n                                                                    <\/div><!-- .elementskit-post-body END -->\n                            <\/div>\n                        <\/div>\n                    <\/div><!-- .elementskit-blog-block-post .radius .gradient-bg END -->\n                \n            <\/div>\n                    <div class=\"col-md-12\">\n\n                                    <div class=\"elementskit-blog-block-post\">\n                        <div class=\"row no-gutters\">\n                                                            <div class=\"col-md-6 order-1\">\n                                    <a href=\"https:\/\/cmcradio.fr\/en\/cmc-10-ans-deja\/\" class=\"elementskit-entry-thumb\">\n                                        <img decoding=\"async\" src=\"https:\/\/cmcradio.fr\/wp-content\/uploads\/2024\/09\/10-ANS-CMC-.jpg\" alt=\"CMC\u2026 10 ans d\u00e9j\u00e0 !\">\n                                    <\/a><!-- .elementskit-entry-thumb END -->\n                                <\/div>\n                            \n                            <div class=\"col-md-6 order-2\">\n                                <div class=\"elementskit-post-body \">\n                                    <div class=\"elementskit-entry-header\">\n                                        \n                                                                                            \t\t\t\t\t                                            \n                                            \n                                                                                            \t\t\t\t<h2 class=\"entry-title\">\n\t\t\t\t\t<a href=\"https:\/\/cmcradio.fr\/en\/cmc-10-ans-deja\/\">\n\t\t\t\t\t\tCMC\u2026 10 ans d\u00e9j\u00e0 !\t\t\t\t\t<\/a>\n\t\t\t\t<\/h2>\n\t\t\t                                                                                <\/div><!-- .elementskit-entry-header END -->\n\n                                                                            <div class=\"elementskit-post-footer\">\n                                                                                                                                                                                                                            <\/div><!-- .elementskit-post-footer END -->\n                                                                    <\/div><!-- .elementskit-post-body END -->\n                            <\/div>\n                        <\/div>\n                    <\/div><!-- .elementskit-blog-block-post .radius .gradient-bg END -->\n                \n            <\/div>\n                    <div class=\"col-md-12\">\n\n                                    <div class=\"elementskit-blog-block-post\">\n                        <div class=\"row no-gutters\">\n                                                            <div class=\"col-md-6 order-1\">\n                                    <a href=\"https:\/\/cmcradio.fr\/en\/blackpanthers-cmc\/\" class=\"elementskit-entry-thumb\">\n                                        <img decoding=\"async\" src=\"https:\/\/cmcradio.fr\/wp-content\/uploads\/2024\/12\/CMC-BlackPatnhers.jpg\" alt=\"Le Centre M\u00e9dical du Chablais et les Black Panthers : un partenariat qui monte en puissance ! \ud83c\udfc8\">\n                                    <\/a><!-- .elementskit-entry-thumb END -->\n                                <\/div>\n                            \n                            <div class=\"col-md-6 order-2\">\n                                <div class=\"elementskit-post-body \">\n                                    <div class=\"elementskit-entry-header\">\n                                        \n                                                                                            \t\t\t\t\t                                            \n                                            \n                                                                                            \t\t\t\t<h2 class=\"entry-title\">\n\t\t\t\t\t<a href=\"https:\/\/cmcradio.fr\/en\/blackpanthers-cmc\/\">\n\t\t\t\t\t\tLe Centre M\u00e9dical du Chablais et les Black Panthers : un partenariat qui monte en puissance ! \ud83c\udfc8\t\t\t\t\t<\/a>\n\t\t\t\t<\/h2>\n\t\t\t                                                                                <\/div><!-- .elementskit-entry-header END -->\n\n                                                                            <div class=\"elementskit-post-footer\">\n                                                                                            <p>Le Centre M\u00e9dical du Chablais et les Black Panthers : un partenariat qui monte en puissance ! \ud83c\udfc8 \ud835\uddd6\ud835\udddf\ud835\udde8\ud835\uddd5 \ud835\udde3\ud835\uddd4\ud835\udde5\ud835\udde7\ud835\uddd8\ud835\udde1\ud835\uddd4\ud835\udddc\ud835\udde5\ud835\uddd8\ud835\udde6 Le Centre M\u00e9dical du Chablais et les Black Panthers : un partenariat qui monte en puissance ! Depuis plusieurs ann\u00e9es, le CMC accompagne nos athl\u00e8tes dans leur suivi m\u00e9dical. \u00c0 partir de 2025, nous sommes [&hellip;]<\/p>\n                                                                                                                                <\/div><!-- .elementskit-post-footer END -->\n                                                                    <\/div><!-- .elementskit-post-body END -->\n                            <\/div>\n                        <\/div>\n                    <\/div><!-- .elementskit-blog-block-post .radius .gradient-bg END -->\n                \n            <\/div>\n                    <div class=\"col-md-12\">\n\n                                    <div class=\"elementskit-blog-block-post\">\n                        <div class=\"row no-gutters\">\n                                                            <div class=\"col-md-6 order-1\">\n                                    <a href=\"https:\/\/cmcradio.fr\/en\/apres-le-messager-le-dauphine\/\" class=\"elementskit-entry-thumb\">\n                                        <img decoding=\"async\" src=\"https:\/\/cmcradio.fr\/wp-content\/uploads\/2024\/09\/Article-Presse-Le-Dauphine-150924.jpeg\" alt=\"Apr\u00e8s Le messager\u2026 Le Dauphin\u00e9 !\">\n                                    <\/a><!-- .elementskit-entry-thumb END -->\n                                <\/div>\n                            \n                            <div class=\"col-md-6 order-2\">\n                                <div class=\"elementskit-post-body \">\n                                    <div class=\"elementskit-entry-header\">\n                                        \n                                                                                            \t\t\t\t\t                                            \n                                            \n                                                                                            \t\t\t\t<h2 class=\"entry-title\">\n\t\t\t\t\t<a href=\"https:\/\/cmcradio.fr\/en\/apres-le-messager-le-dauphine\/\">\n\t\t\t\t\t\tApr\u00e8s Le messager\u2026 Le Dauphin\u00e9 !\t\t\t\t\t<\/a>\n\t\t\t\t<\/h2>\n\t\t\t                                                                                <\/div><!-- .elementskit-entry-header END -->\n\n                                                                            <div class=\"elementskit-post-footer\">\n                                                                                            <p>Apr\u00e8s Le messager\u2026 Le Dauphin\u00e9 !<\/p>\n                                                                                                                                <\/div><!-- .elementskit-post-footer END -->\n                                                                    <\/div><!-- .elementskit-post-body END -->\n                            <\/div>\n                        <\/div>\n                    <\/div><!-- .elementskit-blog-block-post .radius .gradient-bg END -->\n                \n            <\/div>\n                    <div class=\"col-md-12\">\n\n                                    <div class=\"elementskit-blog-block-post\">\n                        <div class=\"row no-gutters\">\n                                                            <div class=\"col-md-6 order-1\">\n                                    <a href=\"https:\/\/cmcradio.fr\/en\/attirer-des-praticiens-le-pari-reussi-du-centre-medical-du-chablais\/\" class=\"elementskit-entry-thumb\">\n                                        <img decoding=\"async\" src=\"https:\/\/cmcradio.fr\/wp-content\/uploads\/2024\/09\/Article-Presse-Le-Messager-120924.jpg\" alt=\"Attirer des praticiens : le pari r\u00e9ussi du Centre m\u00e9dical du Chablais\">\n                                    <\/a><!-- .elementskit-entry-thumb END -->\n                                <\/div>\n                            \n                            <div class=\"col-md-6 order-2\">\n                                <div class=\"elementskit-post-body \">\n                                    <div class=\"elementskit-entry-header\">\n                                        \n                                                                                            \t\t\t\t\t                                            \n                                            \n                                                                                            \t\t\t\t<h2 class=\"entry-title\">\n\t\t\t\t\t<a href=\"https:\/\/cmcradio.fr\/en\/attirer-des-praticiens-le-pari-reussi-du-centre-medical-du-chablais\/\">\n\t\t\t\t\t\tAttirer des praticiens : le pari r\u00e9ussi du Centre m\u00e9dical du Chablais\t\t\t\t\t<\/a>\n\t\t\t\t<\/h2>\n\t\t\t                                                                                <\/div><!-- .elementskit-entry-header END -->\n\n                                                                            <div class=\"elementskit-post-footer\">\n                                                                                            <p>Attirer des praticiens : le pari r\u00e9ussi du Centre m\u00e9dical du Chablais &nbsp;<\/p>\n                                                                                                                                <\/div><!-- .elementskit-post-footer END -->\n                                                                    <\/div><!-- .elementskit-post-body END -->\n                            <\/div>\n                        <\/div>\n                    <\/div><!-- .elementskit-blog-block-post .radius .gradient-bg END -->\n                \n            <\/div>\n                    <div class=\"col-md-12\">\n\n                                    <div class=\"elementskit-blog-block-post\">\n                        <div class=\"row no-gutters\">\n                                                            <div class=\"col-md-6 order-1\">\n                                    <a href=\"https:\/\/cmcradio.fr\/en\/cmc-blackpanthers\/\" class=\"elementskit-entry-thumb\">\n                                        <img decoding=\"async\" src=\"https:\/\/cmcradio.fr\/wp-content\/uploads\/2024\/04\/Screenshot-2024-04-12-at-10.04.26.png\" alt=\"Le p\u00f4le radiologie du CMC est fier d\u2019\u00eatre le partenaire des Black Panthers\">\n                                    <\/a><!-- .elementskit-entry-thumb END -->\n                                <\/div>\n                            \n                            <div class=\"col-md-6 order-2\">\n                                <div class=\"elementskit-post-body \">\n                                    <div class=\"elementskit-entry-header\">\n                                        \n                                                                                            \t\t\t\t\t                                            \n                                            \n                                                                                            \t\t\t\t<h2 class=\"entry-title\">\n\t\t\t\t\t<a href=\"https:\/\/cmcradio.fr\/en\/cmc-blackpanthers\/\">\n\t\t\t\t\t\tLe p\u00f4le radiologie du CMC est fier d\u2019\u00eatre le partenaire des Black Panthers\t\t\t\t\t<\/a>\n\t\t\t\t<\/h2>\n\t\t\t                                                                                <\/div><!-- .elementskit-entry-header END -->\n\n                                                                            <div class=\"elementskit-post-footer\">\n                                                                                            <p>Le p\u00f4le radiologie du CMC est fier d\u2019\u00eatre le partenaire des Black Panthers avec une prise en charge optimale et performante de ses joueurs Tr\u00e8s fiers de ce partenariat ! Nous tenons \u00e0 exprimer notre gratitude et notre fiert\u00e9 suite \u00e0 la concr\u00e9tisation de ce partenariat strat\u00e9gique. C&rsquo;est une \u00e9tape majeure pour nous et un [&hellip;]<\/p>\n                                                                                                                                <\/div><!-- .elementskit-post-footer END -->\n                                                                    <\/div><!-- .elementskit-post-body END -->\n                            <\/div>\n                        <\/div>\n                    <\/div><!-- .elementskit-blog-block-post .radius .gradient-bg END -->\n                \n            <\/div>\n                    <div class=\"col-md-12\">\n\n                                    <div class=\"elementskit-blog-block-post\">\n                        <div class=\"row no-gutters\">\n                                                            <div class=\"col-md-6 order-1\">\n                                    <a href=\"https:\/\/cmcradio.fr\/en\/le-cmc2-apres-sa-premiere-dannee-douverture-flash-back-sur-sa-construction-%f0%9f%a4%a9\/\" class=\"elementskit-entry-thumb\">\n                                        <img decoding=\"async\" src=\"https:\/\/cmcradio.fr\/wp-content\/uploads\/2023\/01\/VUE-LOINTAINE-BIS-scaled.jpg\" alt=\"Le CMC2, apr\u00e8s sa premi\u00e8re d\u2019ann\u00e9e d\u2019ouverture, flash back sur sa construction \ud83e\udd29\">\n                                    <\/a><!-- .elementskit-entry-thumb END -->\n                                <\/div>\n                            \n                            <div class=\"col-md-6 order-2\">\n                                <div class=\"elementskit-post-body \">\n                                    <div class=\"elementskit-entry-header\">\n                                        \n                                                                                            \t\t\t\t\t                                            \n                                            \n                                                                                            \t\t\t\t<h2 class=\"entry-title\">\n\t\t\t\t\t<a href=\"https:\/\/cmcradio.fr\/en\/le-cmc2-apres-sa-premiere-dannee-douverture-flash-back-sur-sa-construction-%f0%9f%a4%a9\/\">\n\t\t\t\t\t\tLe CMC2, apr\u00e8s sa premi\u00e8re d\u2019ann\u00e9e d\u2019ouverture, flash back sur sa construction \ud83e\udd29\t\t\t\t\t<\/a>\n\t\t\t\t<\/h2>\n\t\t\t                                                                                <\/div><!-- .elementskit-entry-header END -->\n\n                                                                            <div class=\"elementskit-post-footer\">\n                                                                                            <p>Le CMC2, apr\u00e8s sa premi\u00e8re d\u2019ann\u00e9e d\u2019ouverture, flash back sur sa construction \ud83e\udd29 http:\/\/cmcradio.fr\/wp-content\/uploads\/2024\/03\/CMC2-timelaps.m4v<\/p>\n                                                                                                                                <\/div><!-- .elementskit-post-footer END -->\n                                                                    <\/div><!-- .elementskit-post-body END -->\n                            <\/div>\n                        <\/div>\n                    <\/div><!-- .elementskit-blog-block-post .radius .gradient-bg END -->\n                \n            <\/div>\n                    <div class=\"col-md-12\">\n\n                                    <div class=\"elementskit-blog-block-post\">\n                        <div class=\"row no-gutters\">\n                                                            <div class=\"col-md-6 order-1\">\n                                    <a href=\"https:\/\/cmcradio.fr\/en\/stephane-carre-aux-origines-du-centre-medical-du-chablais\/\" class=\"elementskit-entry-thumb\">\n                                        <img decoding=\"async\" src=\"https:\/\/cmcradio.fr\/wp-content\/uploads\/2023\/05\/interview-CMC-RADIO.png\" alt=\"St\u00e9phane Carr\u00e9, aux origines du Centre m\u00e9dical du Chablais\">\n                                    <\/a><!-- .elementskit-entry-thumb END -->\n                                <\/div>\n                            \n                            <div class=\"col-md-6 order-2\">\n                                <div class=\"elementskit-post-body \">\n                                    <div class=\"elementskit-entry-header\">\n                                        \n                                                                                            \t\t\t\t\t                                            \n                                            \n                                                                                            \t\t\t\t<h2 class=\"entry-title\">\n\t\t\t\t\t<a href=\"https:\/\/cmcradio.fr\/en\/stephane-carre-aux-origines-du-centre-medical-du-chablais\/\">\n\t\t\t\t\t\tSt\u00e9phane Carr\u00e9, aux origines du Centre m\u00e9dical du Chablais\t\t\t\t\t<\/a>\n\t\t\t\t<\/h2>\n\t\t\t                                                                                <\/div><!-- .elementskit-entry-header END -->\n\n                                                                            <div class=\"elementskit-post-footer\">\n                                                                                            <p>Le radiologue St\u00e9phane Carr\u00e9 a pos\u00e9 ses valises dans le Chablais en 2008. Rapidement, il s&rsquo;est associ\u00e9 \u00e0 3 autres professionnels de sant\u00e9 pour lancer le projet de Centre m\u00e9dical du Chablais. Un second b\u00e2timent a ouvert ses portes en f\u00e9vrier 2023. https:\/\/octopus.saooti.com\/main\/pub\/podcast\/163883?productor=32faa6ce-2c7b-4258-bd71-2152bc6f7895<\/p>\n                                                                                                                                <\/div><!-- .elementskit-post-footer END -->\n                                                                    <\/div><!-- .elementskit-post-body END -->\n                            <\/div>\n                        <\/div>\n                    <\/div><!-- .elementskit-blog-block-post .radius .gradient-bg END -->\n                \n            <\/div>\n                    <div class=\"col-md-12\">\n\n                                    <div class=\"elementskit-blog-block-post\">\n                        <div class=\"row no-gutters\">\n                                                            <div class=\"col-md-6 order-1\">\n                                    <a href=\"https:\/\/cmcradio.fr\/en\/creation-du-cmc-bis-suite-dun-projet-avant-gardiste\/\" class=\"elementskit-entry-thumb\">\n                                        <img decoding=\"async\" src=\"https:\/\/cmcradio.fr\/wp-content\/uploads\/2022\/06\/blog3.jpg\" alt=\"Cr\u00e9ation du CMC Bis : suite d\u2019un projet avant-gardiste\">\n                                    <\/a><!-- .elementskit-entry-thumb END -->\n                                <\/div>\n                            \n                            <div class=\"col-md-6 order-2\">\n                                <div class=\"elementskit-post-body \">\n                                    <div class=\"elementskit-entry-header\">\n                                        \n                                                                                            \t\t\t\t\t                                            \n                                            \n                                                                                            \t\t\t\t<h2 class=\"entry-title\">\n\t\t\t\t\t<a href=\"https:\/\/cmcradio.fr\/en\/creation-du-cmc-bis-suite-dun-projet-avant-gardiste\/\">\n\t\t\t\t\t\tCr\u00e9ation du CMC Bis : suite d\u2019un projet avant-gardiste\t\t\t\t\t<\/a>\n\t\t\t\t<\/h2>\n\t\t\t                                                                                <\/div><!-- .elementskit-entry-header END -->\n\n                                                                            <div class=\"elementskit-post-footer\">\n                                                                                            <p>Cr\u00e9ation du CMC Bis : suite d\u2019un projet avant-gardiste A son ouverture en Septembre 2014, le CMC, Centre M\u00e9dical du Chablais constitue une premi\u00e8re sur le territoire national de par son offre sp\u00e9cifique : proposer au patient une prise en charge globale et rapide, centralis\u00e9e sur un lieu unique. Maison de sant\u00e9 pluridisciplinaire, le CMC [&hellip;]<\/p>\n                                                                                                                                <\/div><!-- .elementskit-post-footer END -->\n                                                                    <\/div><!-- .elementskit-post-body END -->\n                            <\/div>\n                        <\/div>\n                    <\/div><!-- .elementskit-blog-block-post .radius .gradient-bg END -->\n                \n            <\/div>\n                <\/div>\n       <\/div>\t\t\t\t<\/div>\n\t\t\t\t\t<\/div>\n\t\t<\/div>\n\t\t\t\t\t<\/div>\n\t\t<\/section>\n\t\t\t\t<\/div>\n\t\t","protected":false},"excerpt":{"rendered":"<p>Actualit\u00e9s Accueil&gt;Actualit\u00e9s Apr\u00e8s Le messager\u2026 Le Dauphin\u00e9 ! Apr\u00e8s Le messager\u2026 Le Dauphin\u00e9 ! Attirer des praticiens : le pari r\u00e9ussi du Centre m\u00e9dical du Chablais Attirer des praticiens : le pari r\u00e9ussi du Centre m\u00e9dical du Chablais &nbsp; Le p\u00f4le radiologie du CMC est fier d\u2019\u00eatre le partenaire des Black Panthers Le p\u00f4le radiologie [&hellip;]<\/p>\n","protected":false},"author":1,"featured_media":0,"parent":0,"menu_order":0,"comment_status":"closed","ping_status":"closed","template":"elementor_header_footer","meta":{"footnotes":""},"class_list":["post-63","page","type-page","status-publish","hentry"],"_links":{"self":[{"href":"https:\/\/cmcradio.fr\/en\/wp-json\/wp\/v2\/pages\/63","targetHints":{"allow":["GET"]}}],"collection":[{"href":"https:\/\/cmcradio.fr\/en\/wp-json\/wp\/v2\/pages"}],"about":[{"href":"https:\/\/cmcradio.fr\/en\/wp-json\/wp\/v2\/types\/page"}],"author":[{"embeddable":true,"href":"https:\/\/cmcradio.fr\/en\/wp-json\/wp\/v2\/users\/1"}],"replies":[{"embeddable":true,"href":"https:\/\/cmcradio.fr\/en\/wp-json\/wp\/v2\/comments?post=63"}],"version-history":[{"count":0,"href":"https:\/\/cmcradio.fr\/en\/wp-json\/wp\/v2\/pages\/63\/revisions"}],"wp:attachment":[{"href":"https:\/\/cmcradio.fr\/en\/wp-json\/wp\/v2\/media?parent=63"}],"curies":[{"name":"wp","href":"https:\/\/api.w.org\/{rel}","templated":true}]}}